{"id":4099,"date":"2022-03-14T22:56:25","date_gmt":"2022-03-14T22:56:25","guid":{"rendered":"https:\/\/lode.press\/?page_id=4099"},"modified":"2022-04-07T11:42:15","modified_gmt":"2022-04-07T11:42:15","slug":"kom-och-fira-oradda-stader","status":"publish","type":"page","link":"https:\/\/lode.press\/sv\/kom-och-fira-oradda-stader\/","title":{"rendered":"Kom och fira Or\u00e4dda st\u00e4der!"},"content":{"rendered":"<section class=\"wpb-content-wrapper\"><p>[vc_row][vc_column]<div class=\"ult-spacer spacer-69f3fc68d0baa\" data-id=\"69f3fc68d0baa\" data-height=\"50\" data-height-mobile=\"20\" data-height-tab=\"40\" data-height-tab-portrait=\"40\" data-height-mobile-landscape=\"20\" style=\"clear:both;display:block;\"><\/div>[\/vc_column][\/vc_row][vc_row bg_type=&#8221;image&#8221; css=&#8221;.vc_custom_1648239217467{background-image: url(https:\/\/lode.press\/wp-content\/uploads\/cropped-balloons-1401023_960_720-1024&#215;473-1.jpg?id=4024) !important;}&#8221;][vc_column width=&#8221;1\/6&#8243;][\/vc_column][vc_column width=&#8221;2\/3&#8243;]<div class=\"ult-spacer spacer-69f3fc68d0c48\" data-id=\"69f3fc68d0c48\" data-height=\"50\" data-height-mobile=\"20\" data-height-tab=\"40\" data-height-tab-portrait=\"40\" data-height-mobile-landscape=\"20\" style=\"clear:both;display:block;\"><\/div><div id=\"ultimate-heading-665069f3fc68d0d1c\" class=\"uvc-heading ult-adjust-bottom-margin ultimate-heading-665069f3fc68d0d1c uvc-3871 \" data-hspacer=\"no_spacer\"  data-halign=\"center\" style=\"text-align:center\"><div class=\"uvc-heading-spacer no_spacer\" style=\"top\"><\/div><div class=\"uvc-main-heading ult-responsive\"  data-ultimate-target='.uvc-heading.ultimate-heading-665069f3fc68d0d1c h2'  data-responsive-json-new='{\"font-size\":\"desktop:60px;\",\"line-height\":\"\"}' ><h2 style=\"font-family:&#039;Josefin Sans&#039;;font-weight:700;margin-top:50px;margin-bottom:50px;\">KOM OCH FIRA OR\u00c4DDA ST\u00c4DER!<\/h2><\/div><\/div><div class=\"ult-spacer spacer-69f3fc68d0dd6\" data-id=\"69f3fc68d0dd6\" data-height=\"50\" data-height-mobile=\"20\" data-height-tab=\"40\" data-height-tab-portrait=\"40\" data-height-mobile-landscape=\"20\" style=\"clear:both;display:block;\"><\/div>[\/vc_column][vc_column width=&#8221;1\/6&#8243;][\/vc_column][\/vc_row][vc_row][vc_column width=&#8221;1\/6&#8243;][vc_column_text][\/vc_column_text][\/vc_column][vc_column width=&#8221;2\/3&#8243;]<div class=\"ult-spacer spacer-69f3fc68d0e2f\" data-id=\"69f3fc68d0e2f\" data-height=\"50\" data-height-mobile=\"20\" data-height-tab=\"40\" data-height-tab-portrait=\"40\" data-height-mobile-landscape=\"20\" style=\"clear:both;display:block;\"><\/div>[vc_media_grid grid_id=&#8221;vc_gid:1649331541458-7aee604a-40ef-4&#8243; include=&#8221;4177,4174,4186&#8243;]<div class=\"ult-spacer spacer-69f3fc68d0e80\" data-id=\"69f3fc68d0e80\" data-height=\"50\" data-height-mobile=\"20\" data-height-tab=\"40\" data-height-tab-portrait=\"40\" data-height-mobile-landscape=\"20\" style=\"clear:both;display:block;\"><\/div>[vc_column_text css=&#8221;.vc_custom_1648210243482{padding-top: 30px !important;padding-right: 30px !important;padding-bottom: 30px !important;padding-left: 30px !important;background-color: #efefef !important;}&#8221;]<\/p>\n<p style=\"text-align: center;\"><span style=\"font-size: 18pt;\"><strong>L\u00f6rdag 19 mars h\u00f6lls boksl\u00e4pp f\u00f6r Or\u00e4dda st\u00e4der p\u00e5 <\/strong><strong>G\u00f6teborgs Litteraturhus. Drygt 40 personer deltog i mingel och diskussioner.<br \/>\n<\/strong><\/span><\/p>\n<p style=\"text-align: center;\"><span style=\"font-size: 18pt;\"><strong>H\u00e4r finns videoupptagning av <\/strong><strong>arrangemanget!<\/strong><\/span><\/p>\n<p>[\/vc_column_text]<div class=\"ult-spacer spacer-69f3fc68d0ece\" data-id=\"69f3fc68d0ece\" data-height=\"50\" data-height-mobile=\"20\" data-height-tab=\"40\" data-height-tab-portrait=\"40\" data-height-mobile-landscape=\"20\" style=\"clear:both;display:block;\"><\/div>[vc_btn title=&#8221;G\u00e5 till video!&#8221; color=&#8221;blue&#8221; size=&#8221;lg&#8221; align=&#8221;center&#8221; link=&#8221;url:https%3A%2F%2Ffb.watch%2FbROCrLRfQl%2F&#8221;]<div id=\"ultimate-heading-414969f3fc68d0f27\" class=\"uvc-heading ult-adjust-bottom-margin ultimate-heading-414969f3fc68d0f27 uvc-4385 \" data-hspacer=\"no_spacer\"  data-halign=\"left\" style=\"text-align:left\"><div class=\"uvc-heading-spacer no_spacer\" style=\"top\"><\/div><div class=\"uvc-main-heading ult-responsive\"  data-ultimate-target='.uvc-heading.ultimate-heading-414969f3fc68d0f27 h2'  data-responsive-json-new='{\"font-size\":\"\",\"line-height\":\"\"}' ><h2 style=\"font-weight:normal;margin-bottom:10px;\">Tider i videon:<\/h2><\/div><\/div>[vc_column_text]<\/p>\n<p style=\"text-align: left;\"><span style=\"font-size: 14pt;\">00:00 \u00a0 V\u00e4lkommen med Malin Widehammar fr\u00e5n Demokratisk Omst\u00e4llning<\/span><br \/>\n<span style=\"font-size: 14pt;\">07:05\u00a0\u00a0 Kort om boken Or\u00e4dda st\u00e4der med Svante Malmstr\u00f6m fr\u00e5n Lode f\u00f6rlag<\/span><br \/>\n<span style=\"font-size: 14pt;\">13:12 \u00a0 Fearless Frome med Peter McFayden fr\u00e5n <a href=\"https:\/\/www.flatpackdemocracy.co.uk\/\">Flatpack democracy<\/a>-r\u00f6relsen i Storbritannien (p\u00e5 engelska)<\/span><br \/>\n<span style=\"font-size: 14pt;\">39:00 \u00a0 Paus f\u00f6r samtal tv\u00e5 och tv\u00e5<\/span><br \/>\n<span style=\"font-size: 14pt;\">44:00\u00a0\u00a0 Fr\u00e5gor och svar med Peter McFayden (p\u00e5 engelska)<\/span><br \/>\n<span style=\"font-size: 14pt;\">57:30 \u00a0 Paus<\/span><br \/>\n<span style=\"font-size: 14pt;\">1:19:50\u00a0\u00a0 Panelsamtal med Anna Sanne G\u00f6ransson (Digidem Lab), Valter Mutt (aktiv i V, tidigare Mp) samt Jonathan Kors\u00e1r (Demokratisk Omst\u00e4llning). Camilla Schulz (Tillsammansskapet) fick tyv\u00e4rr f\u00f6rhinder.<\/span><br \/>\n<span style=\"font-size: 14pt;\">2:07:45\u00a0\u00a0 Paus<\/span><br \/>\n<span style=\"font-size: 14pt;\">2:18:35\u00a0\u00a0 Fr\u00e5gor och svar med panelen<\/span><br \/>\n<span style=\"font-size: 14pt;\">2:45:38\u00a0\u00a0 MIGUEL \u2013 Rap med influenser fr\u00e5n jazz, Sydamerika och 90-talets underground hiphop.<\/span><br \/>\n<span style=\"font-size: 14pt;\">SLUT! <\/span><span style=\"font-size: 14pt;\"><br \/>\n<\/span><\/p>\n<p>[\/vc_column_text]<div class=\"ult-spacer spacer-69f3fc68d0f92\" data-id=\"69f3fc68d0f92\" data-height=\"30\" data-height-mobile=\"10\" data-height-tab=\"20\" data-height-tab-portrait=\"20\" data-height-mobile-landscape=\"10\" style=\"clear:both;display:block;\"><\/div>[vc_column_text]<\/p>\n<p style=\"text-align: left;\"><span style=\"font-size: 14pt;\">Arrang\u00f6rer: <a href=\"https:\/\/lode.press\/\">Lode f\u00f6rlag<\/a> och <a href=\"https:\/\/demokratiskomstallning.se\/\">Demokratisk Omst\u00e4llning<\/a> i samarbete med <a href=\"https:\/\/digidemlab.org\/\">Digidem Lab<\/a>.<\/span><\/p>\n<p>[\/vc_column_text]<div class=\"ult-spacer spacer-69f3fc68d0fde\" data-id=\"69f3fc68d0fde\" data-height=\"50\" data-height-mobile=\"20\" data-height-tab=\"40\" data-height-tab-portrait=\"40\" data-height-mobile-landscape=\"20\" style=\"clear:both;display:block;\"><\/div>[vc_btn title=&#8221;G\u00e5 till video!&#8221; color=&#8221;blue&#8221; size=&#8221;lg&#8221; align=&#8221;center&#8221; link=&#8221;url:https%3A%2F%2Ffb.watch%2FbROCrLRfQl%2F&#8221;][vc_single_image image=&#8221;3675&#8243; img_size=&#8221;large&#8221;]<div class=\"ult-spacer spacer-69f3fc68d1026\" data-id=\"69f3fc68d1026\" data-height=\"50\" data-height-mobile=\"20\" data-height-tab=\"40\" data-height-tab-portrait=\"40\" data-height-mobile-landscape=\"20\" style=\"clear:both;display:block;\"><\/div>[\/vc_column][vc_column width=&#8221;1\/6&#8243;][\/vc_column][\/vc_row]<\/p>\n<\/section>","protected":false},"excerpt":{"rendered":"<p>[vc_row][vc_column][\/vc_column][\/vc_row][vc_row bg_type=&#8221;image&#8221; css=&#8221;.vc_custom_1648239217467{background-image: url(https:\/\/lode.press\/wp-content\/uploads\/cropped-balloons-1401023_960_720-1024&#215;473-1.jpg?id=4024) !important;}&#8221;][vc_column width=&#8221;1\/6&#8243;][\/vc_column][vc_column width=&#8221;2\/3&#8243;][\/vc_column][vc_column width=&#8221;1\/6&#8243;][\/vc_column][\/vc_row][vc_row][vc_column width=&#8221;1\/6&#8243;][vc_column_text][\/vc_column_text][\/vc_column][vc_column width=&#8221;2\/3&#8243;][vc_media_grid grid_id=&#8221;vc_gid:1649331541458-7aee604a-40ef-4&#8243; include=&#8221;4177,4174,4186&#8243;][vc_column_text css=&#8221;.vc_custom_1648210243482{padding-top: 30px !important;padding-right: 30px !important;padding-bottom: 30px !important;padding-left: 30px !important;background-color: #efefef !important;}&#8221;] L\u00f6rdag 19 mars h\u00f6lls boksl\u00e4pp f\u00f6r Or\u00e4dda st\u00e4der p\u00e5 G\u00f6teborgs Litteraturhus. Drygt 40 personer deltog i mingel och diskussioner. H\u00e4r finns videoupptagning av arrangemanget! [\/vc_column_text][vc_btn title=&#8221;G\u00e5 till video!&#8221; color=&#8221;blue&#8221; size=&#8221;lg&#8221; align=&#8221;center&#8221; link=&#8221;url:https%3A%2F%2Ffb.watch%2FbROCrLRfQl%2F&#8221;][vc_column_text] [&hellip;]<\/p>\n","protected":false},"author":2,"featured_media":0,"parent":0,"menu_order":0,"comment_status":"closed","ping_status":"closed","template":"one-page-template.php","meta":{"footnotes":""},"class_list":["post-4099","page","type-page","status-publish","hentry"],"yoast_head":"<!-- This site is optimized with the Yoast SEO plugin v19.9 - https:\/\/yoast.com\/wordpress\/plugins\/seo\/ -->\n<title>Kom och fira Or\u00e4dda st\u00e4der! - Lode<\/title>\n<meta name=\"robots\" content=\"index, follow, max-snippet:-1, max-image-preview:large, max-video-preview:-1\" \/>\n<link rel=\"canonical\" href=\"https:\/\/lode.press\/sv\/kom-och-fira-oradda-stader\/\" \/>\n<meta property=\"og:locale\" content=\"sv_SE\" \/>\n<meta property=\"og:type\" content=\"article\" \/>\n<meta property=\"og:title\" content=\"Kom och fira Or\u00e4dda st\u00e4der! - Lode\" \/>\n<meta property=\"og:description\" content=\"[vc_row][vc_column][\/vc_column][\/vc_row][vc_row bg_type=&#8221;image&#8221; css=&#8221;.vc_custom_1648239217467{background-image: url(https:\/\/lode.press\/wp-content\/uploads\/cropped-balloons-1401023_960_720-1024&#215;473-1.jpg?id=4024) !important;}&#8221;][vc_column width=&#8221;1\/6&#8243;][\/vc_column][vc_column width=&#8221;2\/3&#8243;][\/vc_column][vc_column width=&#8221;1\/6&#8243;][\/vc_column][\/vc_row][vc_row][vc_column width=&#8221;1\/6&#8243;][vc_column_text][\/vc_column_text][\/vc_column][vc_column width=&#8221;2\/3&#8243;][vc_media_grid grid_id=&#8221;vc_gid:1649331541458-7aee604a-40ef-4&#8243; include=&#8221;4177,4174,4186&#8243;][vc_column_text css=&#8221;.vc_custom_1648210243482{padding-top: 30px !important;padding-right: 30px !important;padding-bottom: 30px !important;padding-left: 30px !important;background-color: #efefef !important;}&#8221;] L\u00f6rdag 19 mars h\u00f6lls boksl\u00e4pp f\u00f6r Or\u00e4dda st\u00e4der p\u00e5 G\u00f6teborgs Litteraturhus. Drygt 40 personer deltog i mingel och diskussioner. H\u00e4r finns videoupptagning av arrangemanget! [\/vc_column_text][vc_btn title=&#8221;G\u00e5 till video!&#8221; color=&#8221;blue&#8221; size=&#8221;lg&#8221; align=&#8221;center&#8221; link=&#8221;url:https%3A%2F%2Ffb.watch%2FbROCrLRfQl%2F&#8221;][vc_column_text] [&hellip;]\" \/>\n<meta property=\"og:url\" content=\"https:\/\/lode.press\/sv\/kom-och-fira-oradda-stader\/\" \/>\n<meta property=\"og:site_name\" content=\"Lode\" \/>\n<meta property=\"article:publisher\" content=\"https:\/\/www.facebook.com\/lodeforlag\" \/>\n<meta property=\"article:modified_time\" content=\"2022-04-07T11:42:15+00:00\" \/>\n<meta name=\"twitter:card\" content=\"summary_large_image\" \/>\n<meta name=\"twitter:label1\" content=\"Ber\u00e4knad l\u00e4stid\" \/>\n\t<meta name=\"twitter:data1\" content=\"2 minuter\" \/>\n<script type=\"application\/ld+json\" class=\"yoast-schema-graph\">{\"@context\":\"https:\/\/schema.org\",\"@graph\":[{\"@type\":\"WebPage\",\"@id\":\"https:\/\/lode.press\/sv\/kom-och-fira-oradda-stader\/\",\"url\":\"https:\/\/lode.press\/sv\/kom-och-fira-oradda-stader\/\",\"name\":\"Kom och fira Or\u00e4dda st\u00e4der! - Lode\",\"isPartOf\":{\"@id\":\"https:\/\/lode.press\/sv\/#website\"},\"datePublished\":\"2022-03-14T22:56:25+00:00\",\"dateModified\":\"2022-04-07T11:42:15+00:00\",\"breadcrumb\":{\"@id\":\"https:\/\/lode.press\/sv\/kom-och-fira-oradda-stader\/#breadcrumb\"},\"inLanguage\":\"sv-SE\",\"potentialAction\":[{\"@type\":\"ReadAction\",\"target\":[\"https:\/\/lode.press\/sv\/kom-och-fira-oradda-stader\/\"]}]},{\"@type\":\"BreadcrumbList\",\"@id\":\"https:\/\/lode.press\/sv\/kom-och-fira-oradda-stader\/#breadcrumb\",\"itemListElement\":[{\"@type\":\"ListItem\",\"position\":1,\"name\":\"Home\",\"item\":\"https:\/\/lode.press\/sv\/\"},{\"@type\":\"ListItem\",\"position\":2,\"name\":\"Kom och fira Or\u00e4dda st\u00e4der!\"}]},{\"@type\":\"WebSite\",\"@id\":\"https:\/\/lode.press\/sv\/#website\",\"url\":\"https:\/\/lode.press\/sv\/\",\"name\":\"Lode\",\"description\":\"Bokutgivning\",\"publisher\":{\"@id\":\"https:\/\/lode.press\/sv\/#organization\"},\"potentialAction\":[{\"@type\":\"SearchAction\",\"target\":{\"@type\":\"EntryPoint\",\"urlTemplate\":\"https:\/\/lode.press\/sv\/?s={search_term_string}\"},\"query-input\":\"required name=search_term_string\"}],\"inLanguage\":\"sv-SE\"},{\"@type\":\"Organization\",\"@id\":\"https:\/\/lode.press\/sv\/#organization\",\"name\":\"Lode\",\"url\":\"https:\/\/lode.press\/sv\/\",\"logo\":{\"@type\":\"ImageObject\",\"inLanguage\":\"sv-SE\",\"@id\":\"https:\/\/lode.press\/sv\/#\/schema\/logo\/image\/\",\"url\":\"https:\/\/lode.press\/wp-content\/uploads\/Lode-logo_04-ICON-BLACK-TEXT.png\",\"contentUrl\":\"https:\/\/lode.press\/wp-content\/uploads\/Lode-logo_04-ICON-BLACK-TEXT.png\",\"width\":3543,\"height\":3543,\"caption\":\"Lode\"},\"image\":{\"@id\":\"https:\/\/lode.press\/sv\/#\/schema\/logo\/image\/\"},\"sameAs\":[\"https:\/\/www.instagram.com\/lodeforlag\/\",\"https:\/\/www.facebook.com\/lodeforlag\"]}]}<\/script>\n<!-- \/ Yoast SEO plugin. -->","yoast_head_json":{"title":"Kom och fira Or\u00e4dda st\u00e4der! - Lode","robots":{"index":"index","follow":"follow","max-snippet":"max-snippet:-1","max-image-preview":"max-image-preview:large","max-video-preview":"max-video-preview:-1"},"canonical":"https:\/\/lode.press\/sv\/kom-och-fira-oradda-stader\/","og_locale":"sv_SE","og_type":"article","og_title":"Kom och fira Or\u00e4dda st\u00e4der! - Lode","og_description":"[vc_row][vc_column][\/vc_column][\/vc_row][vc_row bg_type=&#8221;image&#8221; css=&#8221;.vc_custom_1648239217467{background-image: url(https:\/\/lode.press\/wp-content\/uploads\/cropped-balloons-1401023_960_720-1024&#215;473-1.jpg?id=4024) !important;}&#8221;][vc_column width=&#8221;1\/6&#8243;][\/vc_column][vc_column width=&#8221;2\/3&#8243;][\/vc_column][vc_column width=&#8221;1\/6&#8243;][\/vc_column][\/vc_row][vc_row][vc_column width=&#8221;1\/6&#8243;][vc_column_text][\/vc_column_text][\/vc_column][vc_column width=&#8221;2\/3&#8243;][vc_media_grid grid_id=&#8221;vc_gid:1649331541458-7aee604a-40ef-4&#8243; include=&#8221;4177,4174,4186&#8243;][vc_column_text css=&#8221;.vc_custom_1648210243482{padding-top: 30px !important;padding-right: 30px !important;padding-bottom: 30px !important;padding-left: 30px !important;background-color: #efefef !important;}&#8221;] L\u00f6rdag 19 mars h\u00f6lls boksl\u00e4pp f\u00f6r Or\u00e4dda st\u00e4der p\u00e5 G\u00f6teborgs Litteraturhus. Drygt 40 personer deltog i mingel och diskussioner. H\u00e4r finns videoupptagning av arrangemanget! [\/vc_column_text][vc_btn title=&#8221;G\u00e5 till video!&#8221; color=&#8221;blue&#8221; size=&#8221;lg&#8221; align=&#8221;center&#8221; link=&#8221;url:https%3A%2F%2Ffb.watch%2FbROCrLRfQl%2F&#8221;][vc_column_text] [&hellip;]","og_url":"https:\/\/lode.press\/sv\/kom-och-fira-oradda-stader\/","og_site_name":"Lode","article_publisher":"https:\/\/www.facebook.com\/lodeforlag","article_modified_time":"2022-04-07T11:42:15+00:00","twitter_card":"summary_large_image","twitter_misc":{"Ber\u00e4knad l\u00e4stid":"2 minuter"},"schema":{"@context":"https:\/\/schema.org","@graph":[{"@type":"WebPage","@id":"https:\/\/lode.press\/sv\/kom-och-fira-oradda-stader\/","url":"https:\/\/lode.press\/sv\/kom-och-fira-oradda-stader\/","name":"Kom och fira Or\u00e4dda st\u00e4der! - Lode","isPartOf":{"@id":"https:\/\/lode.press\/sv\/#website"},"datePublished":"2022-03-14T22:56:25+00:00","dateModified":"2022-04-07T11:42:15+00:00","breadcrumb":{"@id":"https:\/\/lode.press\/sv\/kom-och-fira-oradda-stader\/#breadcrumb"},"inLanguage":"sv-SE","potentialAction":[{"@type":"ReadAction","target":["https:\/\/lode.press\/sv\/kom-och-fira-oradda-stader\/"]}]},{"@type":"BreadcrumbList","@id":"https:\/\/lode.press\/sv\/kom-och-fira-oradda-stader\/#breadcrumb","itemListElement":[{"@type":"ListItem","position":1,"name":"Home","item":"https:\/\/lode.press\/sv\/"},{"@type":"ListItem","position":2,"name":"Kom och fira Or\u00e4dda st\u00e4der!"}]},{"@type":"WebSite","@id":"https:\/\/lode.press\/sv\/#website","url":"https:\/\/lode.press\/sv\/","name":"Lode","description":"Bokutgivning","publisher":{"@id":"https:\/\/lode.press\/sv\/#organization"},"potentialAction":[{"@type":"SearchAction","target":{"@type":"EntryPoint","urlTemplate":"https:\/\/lode.press\/sv\/?s={search_term_string}"},"query-input":"required name=search_term_string"}],"inLanguage":"sv-SE"},{"@type":"Organization","@id":"https:\/\/lode.press\/sv\/#organization","name":"Lode","url":"https:\/\/lode.press\/sv\/","logo":{"@type":"ImageObject","inLanguage":"sv-SE","@id":"https:\/\/lode.press\/sv\/#\/schema\/logo\/image\/","url":"https:\/\/lode.press\/wp-content\/uploads\/Lode-logo_04-ICON-BLACK-TEXT.png","contentUrl":"https:\/\/lode.press\/wp-content\/uploads\/Lode-logo_04-ICON-BLACK-TEXT.png","width":3543,"height":3543,"caption":"Lode"},"image":{"@id":"https:\/\/lode.press\/sv\/#\/schema\/logo\/image\/"},"sameAs":["https:\/\/www.instagram.com\/lodeforlag\/","https:\/\/www.facebook.com\/lodeforlag"]}]}},"_links":{"self":[{"href":"https:\/\/lode.press\/sv\/wp-json\/wp\/v2\/pages\/4099","targetHints":{"allow":["GET"]}}],"collection":[{"href":"https:\/\/lode.press\/sv\/wp-json\/wp\/v2\/pages"}],"about":[{"href":"https:\/\/lode.press\/sv\/wp-json\/wp\/v2\/types\/page"}],"author":[{"embeddable":true,"href":"https:\/\/lode.press\/sv\/wp-json\/wp\/v2\/users\/2"}],"replies":[{"embeddable":true,"href":"https:\/\/lode.press\/sv\/wp-json\/wp\/v2\/comments?post=4099"}],"version-history":[{"count":62,"href":"https:\/\/lode.press\/sv\/wp-json\/wp\/v2\/pages\/4099\/revisions"}],"predecessor-version":[{"id":4199,"href":"https:\/\/lode.press\/sv\/wp-json\/wp\/v2\/pages\/4099\/revisions\/4199"}],"wp:attachment":[{"href":"https:\/\/lode.press\/sv\/wp-json\/wp\/v2\/media?parent=4099"}],"curies":[{"name":"wp","href":"https:\/\/api.w.org\/{rel}","templated":true}]}}